{"id":938,"date":"2018-08-29T16:10:36","date_gmt":"2018-08-29T19:10:36","guid":{"rendered":"https:\/\/isfd186-bue.infd.edu.ar\/sitio\/ubicacion\/"},"modified":"2022-04-08T14:08:51","modified_gmt":"2022-04-08T17:08:51","slug":"ubicacion","status":"publish","type":"page","link":"https:\/\/isfd186-bue.infd.edu.ar\/sitio\/ubicacion\/","title":{"rendered":"Nuestra historia"},"content":{"rendered":"<p style=\"text-align: center;\"><strong>RESE\u00d1A HIST\u00d3RICA &#8211; ISFD 186 -LA COSTA<\/strong><br \/>\n<strong>2009-2019<\/strong><br \/>\nEl Instituto Superior de Formaci\u00f3n Docente N\u00b0 186 se funda con la<br \/>\ncooperaci\u00f3n y colaboraci\u00f3n de distintos organismos vinculados a la comunidad local,<br \/>\nEducaci\u00f3n Superior y Secundaria en todos los niveles jurisdiccionales; que junto al<br \/>\napoyo de la Municipalidad de La Costa se crea por Resoluci\u00f3n de la DGCYE N\u00b0<br \/>\n1672 el 20 de mayo de 2009.<br \/>\nLa sede est\u00e1 ubicada en la Avenida Costanera y Avenida 41, firm\u00e1ndose un<br \/>\nconvenio con la Sociedad de Fomento Santa Teresita.<br \/>\nLa misi\u00f3n de este nuevo instituto en el Partido de La Costa se proyect\u00f3 con las<br \/>\nfunciones de docencia, investigaci\u00f3n y extensi\u00f3n, destinado a la formaci\u00f3n de<br \/>\nProfesores capaces de integrarse en forma creativa y cr\u00edtica como trabajadores de la<br \/>\neducaci\u00f3n y la cultura con el fin de contribuir al desarrollo local y regional.<br \/>\nLa visi\u00f3n se centra en los principios de la Ley de Educaci\u00f3n Nacional 26.206\/06<br \/>\ny la Ley de Educaci\u00f3n Provincial 13.688\/07, con el fin de garantizar el derecho social<br \/>\na la educaci\u00f3n y el acceso al conocimiento como bien p\u00fablico, como base de la<br \/>\ninclusi\u00f3n socioeducativa y respondiendo al mandato de obligatoriedad de la escuela<br \/>\nsecundaria.<br \/>\nLas actividades acad\u00e9micas se iniciaron el 12 de abril de 2010 con 4<br \/>\nprofesorados en el turno vespertino a cargo de la Direcci\u00f3n la Prof. Beatriz<br \/>\nBevilacqua. En el a\u00f1o 2012 se abre el turno tarde por la expansi\u00f3n de nuevos<br \/>\nprofesorados y se incorpora el Tramo de Formaci\u00f3n Pedag\u00f3gica destinado a<br \/>\nprofesionales que ejercen la docencia. Actualmente, funciona en los 3 turnos con los<br \/>\nprofesorados de Lengua y Literatura, Matem\u00e1tica, Biolog\u00eda, Qu\u00edmica, Econom\u00eda,<br \/>\nGeograf\u00eda, Historia, Ingl\u00e9s y Educaci\u00f3n F\u00edsica, con una prospectiva favorable por la<br \/>\nelecci\u00f3n de los j\u00f3venes a incorporarse a esta propuesta que alienta el desarrollo<br \/>\npersonal y profesional con un crecimiento de matr\u00edcula sostenido en cada a\u00f1o lectivo.<br \/>\nA la propuesta formativa de grado se incorporan desde el a\u00f1o 2021 5<br \/>\nPost\u00edtulos y el Trayecto de Formaci\u00f3n Pedag\u00f3gica para profesionales que dediquen<br \/>\nsu tarea de ense\u00f1anza en las escuelas secundarias.<br \/>\nSu alcance e impacto abarca a todos los y las j\u00f3venes que asisten a la<br \/>\nSecundaria en todos sus formatos y aquellos que desean continuar estudios<br \/>\nsuperiores teniendo este horizonte como meta:<br \/>\n<strong>Contribuir al desarrollo de una educaci\u00f3n con calidad social<\/strong><br \/>\n<strong>desde el Partido de La Costa para la Regi\u00f3n y la Naci\u00f3n.<\/strong><\/p>\n","protected":false},"excerpt":{"rendered":"<p>RESE\u00d1A HIST\u00d3RICA &#8211; ISFD 186 -LA COSTA 2009-2019 El Instituto Superior de Formaci\u00f3n Docente N\u00b0 186 se funda con la cooperaci\u00f3n y colaboraci\u00f3n de distintos organismos vinculados a la comunidad local, Educaci\u00f3n Superior y Secundaria en todos los niveles jurisdiccionales; que junto al apoyo de la Municipalidad de La Costa se crea por Resoluci\u00f3n de &#8230; <a title=\"Nuestra historia\" class=\"read-more\" href=\"https:\/\/isfd186-bue.infd.edu.ar\/sitio\/ubicacion\/\" aria-label=\"More on Nuestra historia\">[+]<\/a><\/p>\n","protected":false},"author":1018,"featured_media":0,"parent":0,"menu_order":0,"comment_status":"closed","ping_status":"closed","template":"","meta":[],"acf":[],"_links":{"self":[{"href":"https:\/\/isfd186-bue.infd.edu.ar\/sitio\/wp-json\/wp\/v2\/pages\/938"}],"collection":[{"href":"https:\/\/isfd186-bue.infd.edu.ar\/sitio\/wp-json\/wp\/v2\/pages"}],"about":[{"href":"https:\/\/isfd186-bue.infd.edu.ar\/sitio\/wp-json\/wp\/v2\/types\/page"}],"author":[{"embeddable":true,"href":"https:\/\/isfd186-bue.infd.edu.ar\/sitio\/wp-json\/wp\/v2\/users\/1018"}],"replies":[{"embeddable":true,"href":"https:\/\/isfd186-bue.infd.edu.ar\/sitio\/wp-json\/wp\/v2\/comments?post=938"}],"version-history":[{"count":2,"href":"https:\/\/isfd186-bue.infd.edu.ar\/sitio\/wp-json\/wp\/v2\/pages\/938\/revisions"}],"predecessor-version":[{"id":4306,"href":"https:\/\/isfd186-bue.infd.edu.ar\/sitio\/wp-json\/wp\/v2\/pages\/938\/revisions\/4306"}],"wp:attachment":[{"href":"https:\/\/isfd186-bue.infd.edu.ar\/sitio\/wp-json\/wp\/v2\/media?parent=938"}],"curies":[{"name":"wp","href":"https:\/\/api.w.org\/{rel}","templated":true}]}}